{"id":586,"date":"2022-09-11T19:34:20","date_gmt":"2022-09-11T17:34:20","guid":{"rendered":"https:\/\/heike-neumann.de\/?page_id=586"},"modified":"2022-10-24T20:13:51","modified_gmt":"2022-10-24T18:13:51","slug":"__trashed","status":"publish","type":"page","link":"https:\/\/heike-neumann.de\/index.php\/kurzgeschichten-fuer-kinder\/__trashed\/","title":{"rendered":"&#8222;Fiona Fuchs und die Weihnachtsvorbereitungen&#8220;"},"content":{"rendered":"\n<div style=\"height:11px\" aria-hidden=\"true\" class=\"wp-block-spacer\"><\/div>\n\n\n\n<p>Willkommen zu meinem T\u00fcrchen des Autoren-Adventskalenders 2022!<br><a href=\"https:\/\/www.autoren-adventskalender.de\/\">www.autoren-adventskalender.de<\/a><\/p>\n\n\n\n<div style=\"height:11px\" aria-hidden=\"true\" class=\"wp-block-spacer\"><\/div>\n\n\n\n<figure class=\"wp-block-image size-large is-resized\"><img loading=\"lazy\" decoding=\"async\" src=\"https:\/\/heike-neumann.de\/wp-content\/uploads\/2022\/09\/Titelloses-324-1-724x1024.jpg\" alt=\"\" class=\"wp-image-594\" width=\"325\" height=\"460\" srcset=\"https:\/\/heike-neumann.de\/wp-content\/uploads\/2022\/09\/Titelloses-324-1-724x1024.jpg 724w, https:\/\/heike-neumann.de\/wp-content\/uploads\/2022\/09\/Titelloses-324-1-212x300.jpg 212w, https:\/\/heike-neumann.de\/wp-content\/uploads\/2022\/09\/Titelloses-324-1-768x1086.jpg 768w, https:\/\/heike-neumann.de\/wp-content\/uploads\/2022\/09\/Titelloses-324-1-1086x1536.jpg 1086w, https:\/\/heike-neumann.de\/wp-content\/uploads\/2022\/09\/Titelloses-324-1-1140x1613.jpg 1140w, https:\/\/heike-neumann.de\/wp-content\/uploads\/2022\/09\/Titelloses-324-1.jpg 1240w\" sizes=\"auto, (max-width: 325px) 100vw, 325px\" \/><\/figure>\n\n\n\n<p>Fiona Fuchs liebte Weihnachten!<\/p>\n\n\n\n<p>Seit im Herbst der Wind die bunten Bl\u00e4tter von den B\u00e4umen wehte und es merklich k\u00e4lter wurde, begann in Fiona Fuchs die Weihnachtsfreude zu leuchten. Tief im Herzen begann es und dieses warme, sch\u00f6ne Gef\u00fchl erf\u00fcllte sie von innen heraus mehr und mehr mit gl\u00fccklicher Vorfreude.<\/p>\n\n\n\n<p>Sie liebte den Duft von selbstgebackenen Pl\u00e4tzchen, Kerzenlicht und erst recht die wunderbaren Weihnachtslieder! Aber auch die Gl\u00f6ckchen, die Engel und der ganze Weihnachtschmuck brachten sie schon beim Gedanken daran zum L\u00e4cheln.<\/p>\n\n\n\n<figure class=\"wp-block-image size-large is-resized\"><img loading=\"lazy\" decoding=\"async\" src=\"https:\/\/heike-neumann.de\/wp-content\/uploads\/2022\/10\/Titelloses-374-1-1024x724.jpg\" alt=\"\" class=\"wp-image-670\" width=\"421\" height=\"297\" srcset=\"https:\/\/heike-neumann.de\/wp-content\/uploads\/2022\/10\/Titelloses-374-1-1024x724.jpg 1024w, https:\/\/heike-neumann.de\/wp-content\/uploads\/2022\/10\/Titelloses-374-1-300x212.jpg 300w, https:\/\/heike-neumann.de\/wp-content\/uploads\/2022\/10\/Titelloses-374-1-768x543.jpg 768w, https:\/\/heike-neumann.de\/wp-content\/uploads\/2022\/10\/Titelloses-374-1-1536x1086.jpg 1536w, https:\/\/heike-neumann.de\/wp-content\/uploads\/2022\/10\/Titelloses-374-1-1140x806.jpg 1140w, https:\/\/heike-neumann.de\/wp-content\/uploads\/2022\/10\/Titelloses-374-1.jpg 1754w\" sizes=\"auto, (max-width: 421px) 100vw, 421px\" \/><\/figure>\n\n\n\n<p>Endlich ging der dunkle November zu Ende und in der Woche vor dem ersten Advent war es dann endlich soweit: Die Weihnachtsvorbereitungen konnten beginnen!<br>Schon fr\u00fch stand Fiona Fuchs auf, wusch sich das Gesicht und l\u00e4chelte ihr Spiegelbild an. Heute ging es endlich los!<\/p>\n\n\n\n<p>Fiona hatte sich schon \u00fcberlegt, wie sie dekorieren w\u00fcrde und wo sie was hinstellen oder hinh\u00e4ngen w\u00fcrde. \u201eDie Krippe kommt wieder auf die Fensterbank und die Strohsterne an die T\u00fcr\u201c \u2013 Aber wo waren denn nur die Weihnachtssachen hingekommen?<\/p>\n\n\n\n<figure class=\"wp-block-image size-large is-resized\"><img loading=\"lazy\" decoding=\"async\" src=\"https:\/\/heike-neumann.de\/wp-content\/uploads\/2022\/10\/Titelloses-320-724x1024.jpg\" alt=\"\" class=\"wp-image-671\" width=\"348\" height=\"492\" srcset=\"https:\/\/heike-neumann.de\/wp-content\/uploads\/2022\/10\/Titelloses-320-724x1024.jpg 724w, https:\/\/heike-neumann.de\/wp-content\/uploads\/2022\/10\/Titelloses-320-212x300.jpg 212w, https:\/\/heike-neumann.de\/wp-content\/uploads\/2022\/10\/Titelloses-320-768x1086.jpg 768w, https:\/\/heike-neumann.de\/wp-content\/uploads\/2022\/10\/Titelloses-320-1086x1536.jpg 1086w, https:\/\/heike-neumann.de\/wp-content\/uploads\/2022\/10\/Titelloses-320-1140x1613.jpg 1140w, https:\/\/heike-neumann.de\/wp-content\/uploads\/2022\/10\/Titelloses-320.jpg 1240w\" sizes=\"auto, (max-width: 348px) 100vw, 348px\" \/><\/figure>\n\n\n\n<p>Fiona \u00f6ffnete den Schrank neben der T\u00fcr. Dort bewahrte sie alles auf, was sie sehr selten brauchte. Die Kuchenform f\u00fcr Ostern, der Sonnenhut f\u00fcr die Sommertage am Strand, die gro\u00dfen Teller f\u00fcr die Gartenfeste \u2013 all das fand sie in den Kisten und K\u00f6rben im Schrank.<\/p>\n\n\n\n<p>Nur die Weihnachtssachen waren nicht dort.<\/p>\n\n\n\n<figure class=\"wp-block-image size-large is-resized\"><img loading=\"lazy\" decoding=\"async\" src=\"https:\/\/heike-neumann.de\/wp-content\/uploads\/2022\/10\/Titelloses-352-1024x724.jpg\" alt=\"\" class=\"wp-image-672\" width=\"456\" height=\"321\" srcset=\"https:\/\/heike-neumann.de\/wp-content\/uploads\/2022\/10\/Titelloses-352-1024x724.jpg 1024w, https:\/\/heike-neumann.de\/wp-content\/uploads\/2022\/10\/Titelloses-352-300x212.jpg 300w, https:\/\/heike-neumann.de\/wp-content\/uploads\/2022\/10\/Titelloses-352-768x543.jpg 768w, https:\/\/heike-neumann.de\/wp-content\/uploads\/2022\/10\/Titelloses-352-1536x1086.jpg 1536w, https:\/\/heike-neumann.de\/wp-content\/uploads\/2022\/10\/Titelloses-352-1140x806.jpg 1140w, https:\/\/heike-neumann.de\/wp-content\/uploads\/2022\/10\/Titelloses-352.jpg 1754w\" sizes=\"auto, (max-width: 456px) 100vw, 456px\" \/><\/figure>\n\n\n\n<p>Fiona Fuchs legte die Stirn in Falten. Vielleicht waren die Weihnachtssachen ja im Regal unter der Treppe? Nein, leider nicht. Aber Fiona fand dort eine T\u00fcte mit Muscheln, die sie im Sommer gesammelt hatte. Das war ein toller Urlaub am Meer gewesen! Fiona erinnerte sich gut an das Meeresrauschen und an die warmen Sonnenstrahlen auf ihrem Fell.<\/p>\n\n\n\n<p>Dann waren die Weihnachtssachen wohl doch an einer anderen Stelle.<\/p>\n\n\n\n<p>Vielleicht unter dem Bett? Fiona legte sich auf den Boden, um nachzuschauen. Nein, keine Weihnachtssachen. Dort lag eine Kiste mit bunten Bl\u00e4ttern, die sie mit dem Dachs gesammelt hatte. Ein wunderbarer Herbsttag war es gewesen! Sie hatten Bl\u00e4tter und Kastanien gesammelt, \u00c4pfel gegessen und sich abends Geschichten vorgelesen. Was f\u00fcr eine sch\u00f6ne Erinnerung!<\/p>\n\n\n\n<p>Aber wo waren denn nur die Krippe, der Schmuck und die Ausstechf\u00f6rmchen, die Engel und Sterne?<\/p>\n\n\n\n<figure class=\"wp-block-image size-large is-resized\"><img loading=\"lazy\" decoding=\"async\" src=\"https:\/\/heike-neumann.de\/wp-content\/uploads\/2022\/09\/Titelloses-321-1024x724.jpg\" alt=\"\" class=\"wp-image-592\" width=\"451\" height=\"318\" srcset=\"https:\/\/heike-neumann.de\/wp-content\/uploads\/2022\/09\/Titelloses-321-1024x724.jpg 1024w, https:\/\/heike-neumann.de\/wp-content\/uploads\/2022\/09\/Titelloses-321-300x212.jpg 300w, https:\/\/heike-neumann.de\/wp-content\/uploads\/2022\/09\/Titelloses-321-768x543.jpg 768w, https:\/\/heike-neumann.de\/wp-content\/uploads\/2022\/09\/Titelloses-321-1536x1086.jpg 1536w, https:\/\/heike-neumann.de\/wp-content\/uploads\/2022\/09\/Titelloses-321-1140x806.jpg 1140w, https:\/\/heike-neumann.de\/wp-content\/uploads\/2022\/09\/Titelloses-321.jpg 1754w\" sizes=\"auto, (max-width: 451px) 100vw, 451px\" \/><\/figure>\n\n\n\n<p>Fiona streckte sich so hoch, wie sie konnte und zog einen Karton vom obersten Regal. Leider waren auch darin keine Weihnachtssachen, sondern dort lag eine verzierte Kerze. Wundersch\u00f6ne Erinnerungen an ihre Geburtstagsfeier wurden wach. Alle ihre Freunde waren gekommen! Es war ein toller Tag mit Seifenblasen, Schokokuchen und Lagerfeuer gewesen.<\/p>\n\n\n\n<p>Fiona musste beim Gedanken daran l\u00e4cheln.<\/p>\n\n\n\n<figure class=\"wp-block-image size-large is-resized\"><img loading=\"lazy\" decoding=\"async\" src=\"https:\/\/heike-neumann.de\/wp-content\/uploads\/2022\/09\/Titelloses-319-724x1024.jpg\" alt=\"\" class=\"wp-image-591\" width=\"448\" height=\"634\" srcset=\"https:\/\/heike-neumann.de\/wp-content\/uploads\/2022\/09\/Titelloses-319-724x1024.jpg 724w, https:\/\/heike-neumann.de\/wp-content\/uploads\/2022\/09\/Titelloses-319-212x300.jpg 212w, https:\/\/heike-neumann.de\/wp-content\/uploads\/2022\/09\/Titelloses-319-768x1086.jpg 768w, https:\/\/heike-neumann.de\/wp-content\/uploads\/2022\/09\/Titelloses-319-1086x1536.jpg 1086w, https:\/\/heike-neumann.de\/wp-content\/uploads\/2022\/09\/Titelloses-319-1140x1613.jpg 1140w, https:\/\/heike-neumann.de\/wp-content\/uploads\/2022\/09\/Titelloses-319.jpg 1240w\" sizes=\"auto, (max-width: 448px) 100vw, 448px\" \/><\/figure>\n\n\n\n<p>Aber wo waren denn blo\u00df die Weihnachtssachen geblieben?<\/p>\n\n\n\n<p>Fiona \u00f6ffnete die T\u00fcr zur Speisekammer. Dort standen die Gl\u00e4ser mit Erdbeer- und Pfirsichmarmelade \u2013 Ein herrlicher Geschmack nach Sommer! In einer kleinen Kiste daneben standen die bunt bemalten Eier vom letzten Osterfest. Die hatte sie wohl falsch aufger\u00e4umt. Aber Fiona erinnerte sich gerne daran, wie wundersch\u00f6n die B\u00fcsche und B\u00e4ume vor ihrem Haus aussahen, als sie die Eier zu Ostern dort aufgeh\u00e4ngt hatte.<\/p>\n\n\n\n<p>Aber auch hier \u2013 keine Weihnachtssachen!<\/p>\n\n\n\n<figure class=\"wp-block-image size-large is-resized\"><img loading=\"lazy\" decoding=\"async\" src=\"https:\/\/heike-neumann.de\/wp-content\/uploads\/2022\/10\/Titelloses-375-1-1024x724.jpg\" alt=\"\" class=\"wp-image-673\" width=\"509\" height=\"359\" srcset=\"https:\/\/heike-neumann.de\/wp-content\/uploads\/2022\/10\/Titelloses-375-1-1024x724.jpg 1024w, https:\/\/heike-neumann.de\/wp-content\/uploads\/2022\/10\/Titelloses-375-1-300x212.jpg 300w, https:\/\/heike-neumann.de\/wp-content\/uploads\/2022\/10\/Titelloses-375-1-768x543.jpg 768w, https:\/\/heike-neumann.de\/wp-content\/uploads\/2022\/10\/Titelloses-375-1-1536x1086.jpg 1536w, https:\/\/heike-neumann.de\/wp-content\/uploads\/2022\/10\/Titelloses-375-1-1140x806.jpg 1140w, https:\/\/heike-neumann.de\/wp-content\/uploads\/2022\/10\/Titelloses-375-1.jpg 1754w\" sizes=\"auto, (max-width: 509px) 100vw, 509px\" \/><\/figure>\n\n\n\n<p>Fiona Fuchs setzte sich ersch\u00f6pft auf den gem\u00fctlichen Sessel im Wohnzimmer. Um sie herum lagen viele Sachen verstreut, die sie so in ihrem H\u00e4uschen gefunden hatte.<\/p>\n\n\n\n<figure class=\"wp-block-image size-large is-resized\"><img loading=\"lazy\" decoding=\"async\" src=\"https:\/\/heike-neumann.de\/wp-content\/uploads\/2022\/10\/Titelloses-342-3-1024x724.jpg\" alt=\"\" class=\"wp-image-674\" width=\"651\" height=\"459\" srcset=\"https:\/\/heike-neumann.de\/wp-content\/uploads\/2022\/10\/Titelloses-342-3-1024x724.jpg 1024w, https:\/\/heike-neumann.de\/wp-content\/uploads\/2022\/10\/Titelloses-342-3-300x212.jpg 300w, https:\/\/heike-neumann.de\/wp-content\/uploads\/2022\/10\/Titelloses-342-3-768x543.jpg 768w, https:\/\/heike-neumann.de\/wp-content\/uploads\/2022\/10\/Titelloses-342-3-1536x1086.jpg 1536w, https:\/\/heike-neumann.de\/wp-content\/uploads\/2022\/10\/Titelloses-342-3-1140x806.jpg 1140w, https:\/\/heike-neumann.de\/wp-content\/uploads\/2022\/10\/Titelloses-342-3.jpg 1754w\" sizes=\"auto, (max-width: 651px) 100vw, 651px\" \/><\/figure>\n\n\n\n<p>Die T\u00fcte mit Muscheln aus dem Urlaub, die bunten Herbstbl\u00e4tter, die Geburtstagskerze und die bemalten Ostereier \u2013 all das zauberte Fiona ein L\u00e4cheln auf ihr Fuchsgesicht. Was f\u00fcr wunderbare Erinnerungen an das vergangene Jahr.<br><br><\/p>\n\n\n\n<p>Aber eigentlich wollte sie doch f\u00fcr Weihnachten dekorieren! Wo waren denn nur die vielen Sachen zum Schm\u00fccken und Vorbereiten geblieben?<\/p>\n\n\n\n<p>Fiona beschloss, einen Spaziergang zu machen und ein wenig frische Luft zu schnappen. Vielleicht w\u00fcrde ihr dabei ja eine gute Idee kommen. Sie trat an die Garderobe um ihre Jacke vom Haken zu nehmen und blieb auf einmal \u00fcberrascht stehen. Unter der Jacke standen wie immer ihre Schuhe neben einer Kiste. Dort setzte sich Fiona immer drauf, um bequem ihre Schuhe anziehen zu k\u00f6nnen.<\/p>\n\n\n\n<p>Pl\u00f6tzlich blieb sie \u00fcberrascht stehen und machte gro\u00dfe Augen! Da waren ja die Weihnachtssachen!<\/p>\n\n\n\n<figure class=\"wp-block-image size-large is-resized\"><img loading=\"lazy\" decoding=\"async\" src=\"https:\/\/heike-neumann.de\/wp-content\/uploads\/2022\/10\/Titelloses-306-1-724x1024.jpg\" alt=\"\" class=\"wp-image-675\" width=\"405\" height=\"573\" srcset=\"https:\/\/heike-neumann.de\/wp-content\/uploads\/2022\/10\/Titelloses-306-1-724x1024.jpg 724w, https:\/\/heike-neumann.de\/wp-content\/uploads\/2022\/10\/Titelloses-306-1-212x300.jpg 212w, https:\/\/heike-neumann.de\/wp-content\/uploads\/2022\/10\/Titelloses-306-1-768x1086.jpg 768w, https:\/\/heike-neumann.de\/wp-content\/uploads\/2022\/10\/Titelloses-306-1-1086x1536.jpg 1086w, https:\/\/heike-neumann.de\/wp-content\/uploads\/2022\/10\/Titelloses-306-1-1140x1613.jpg 1140w, https:\/\/heike-neumann.de\/wp-content\/uploads\/2022\/10\/Titelloses-306-1.jpg 1240w\" sizes=\"auto, (max-width: 405px) 100vw, 405px\" \/><\/figure>\n\n\n\n<p>Genau nach dieser Kiste hatte sie nun die ganze Zeit gesucht! Das ganze Jahr \u00fcber standen sie hier und haben gewartet, dass es endlich Winter wurde!<\/p>\n\n\n\n<p>Voller Freude \u00f6ffnete Fiona nun den Deckel und sah hinein. Ein Strahlen huschte \u00fcber ihr Gesicht. Dort lagen die Pl\u00e4tzchenkochb\u00fccher, die Glitzerketten und bunten B\u00e4nder, die Weihnachtstischdecken und auch ihre Krippe, die Engel und Sterne und das Weihnachtspapier! All das hatte das ganze Jahr \u00fcber hier in der Kiste gelegen und auf diesen Moment gewartet. Fiona stand auf.<br><br><\/p>\n\n\n\n<p>Sie sah die Muscheln, die bunten Bl\u00e4tter, die Ostereier und freute sich an den Erinnerungen an das vergangene Jahr.<\/p>\n\n\n\n<p><\/p>\n\n\n\n<p>Fiona \u00fcberlegte. In diesem Jahr w\u00fcrde sie die Weihnachtsdekoration zusammen mit den Erinnerungs-Gegenst\u00e4nden, die sie an die vielen fr\u00f6hlichen Momente denken lie\u00df, aufh\u00e4ngen und hinstellen. So w\u00fcrde ihr H\u00e4uschen wunderbar geschm\u00fcckt sein!<br><br><\/p>\n\n\n\n<p>Fiona hob einen Gegenstand nach dem anderen aus der Kiste heraus und begann zu dekorieren.<\/p>\n\n\n\n<figure class=\"wp-block-image size-large is-resized\"><img loading=\"lazy\" decoding=\"async\" src=\"https:\/\/heike-neumann.de\/wp-content\/uploads\/2022\/10\/Titelloses-346-1-1024x724.jpg\" alt=\"\" class=\"wp-image-676\" width=\"490\" height=\"346\" srcset=\"https:\/\/heike-neumann.de\/wp-content\/uploads\/2022\/10\/Titelloses-346-1-1024x724.jpg 1024w, https:\/\/heike-neumann.de\/wp-content\/uploads\/2022\/10\/Titelloses-346-1-300x212.jpg 300w, https:\/\/heike-neumann.de\/wp-content\/uploads\/2022\/10\/Titelloses-346-1-768x543.jpg 768w, https:\/\/heike-neumann.de\/wp-content\/uploads\/2022\/10\/Titelloses-346-1-1536x1086.jpg 1536w, https:\/\/heike-neumann.de\/wp-content\/uploads\/2022\/10\/Titelloses-346-1-1140x806.jpg 1140w, https:\/\/heike-neumann.de\/wp-content\/uploads\/2022\/10\/Titelloses-346-1.jpg 1754w\" sizes=\"auto, (max-width: 490px) 100vw, 490px\" \/><\/figure>\n\n\n\n<p>Die Strohsterne kamen mit den bunten Bl\u00e4ttern an die T\u00fcr, die bunten Ostereier zusammen mit den Engeln an die Fenster und die Muscheln mit den Kerzen an das Adventsgesteck.<\/p>\n\n\n\n<figure class=\"wp-block-image size-large is-resized\"><img loading=\"lazy\" decoding=\"async\" src=\"https:\/\/heike-neumann.de\/wp-content\/uploads\/2022\/10\/Titelloses-323-1024x724.jpg\" alt=\"\" class=\"wp-image-677\" width=\"534\" height=\"377\" srcset=\"https:\/\/heike-neumann.de\/wp-content\/uploads\/2022\/10\/Titelloses-323-1024x724.jpg 1024w, https:\/\/heike-neumann.de\/wp-content\/uploads\/2022\/10\/Titelloses-323-300x212.jpg 300w, https:\/\/heike-neumann.de\/wp-content\/uploads\/2022\/10\/Titelloses-323-768x543.jpg 768w, https:\/\/heike-neumann.de\/wp-content\/uploads\/2022\/10\/Titelloses-323-1536x1086.jpg 1536w, https:\/\/heike-neumann.de\/wp-content\/uploads\/2022\/10\/Titelloses-323-1140x806.jpg 1140w, https:\/\/heike-neumann.de\/wp-content\/uploads\/2022\/10\/Titelloses-323.jpg 1754w\" sizes=\"auto, (max-width: 534px) 100vw, 534px\" \/><\/figure>\n\n\n\n<p>Fiona erinnerte sich beim Schm\u00fccken und bei jedem Ansehen daran, was f\u00fcr wunderbare und gl\u00fcckliche Momente sie dieses Jahr erlebt hatte und war dankbar daf\u00fcr.<\/p>\n\n\n\n<figure class=\"wp-block-image size-large is-resized\"><img loading=\"lazy\" decoding=\"async\" src=\"https:\/\/heike-neumann.de\/wp-content\/uploads\/2022\/10\/Titelloses-318-1024x724.jpg\" alt=\"\" class=\"wp-image-678\" width=\"441\" height=\"311\" srcset=\"https:\/\/heike-neumann.de\/wp-content\/uploads\/2022\/10\/Titelloses-318-1024x724.jpg 1024w, https:\/\/heike-neumann.de\/wp-content\/uploads\/2022\/10\/Titelloses-318-300x212.jpg 300w, https:\/\/heike-neumann.de\/wp-content\/uploads\/2022\/10\/Titelloses-318-768x543.jpg 768w, https:\/\/heike-neumann.de\/wp-content\/uploads\/2022\/10\/Titelloses-318-1536x1086.jpg 1536w, https:\/\/heike-neumann.de\/wp-content\/uploads\/2022\/10\/Titelloses-318-1140x806.jpg 1140w, https:\/\/heike-neumann.de\/wp-content\/uploads\/2022\/10\/Titelloses-318.jpg 1754w\" sizes=\"auto, (max-width: 441px) 100vw, 441px\" \/><\/figure>\n\n\n\n<p>Leise fingen die Weihnachtslieder an, in Fionas Herz zu klingen.<br>Nun konnte Weihnachten kommen!<\/p>\n\n\n\n<figure class=\"wp-block-image size-large is-resized\"><img loading=\"lazy\" decoding=\"async\" src=\"https:\/\/heike-neumann.de\/wp-content\/uploads\/2022\/10\/Titelloses-345-1024x724.jpg\" alt=\"\" class=\"wp-image-679\" width=\"604\" height=\"426\" srcset=\"https:\/\/heike-neumann.de\/wp-content\/uploads\/2022\/10\/Titelloses-345-1024x724.jpg 1024w, https:\/\/heike-neumann.de\/wp-content\/uploads\/2022\/10\/Titelloses-345-300x212.jpg 300w, https:\/\/heike-neumann.de\/wp-content\/uploads\/2022\/10\/Titelloses-345-768x543.jpg 768w, https:\/\/heike-neumann.de\/wp-content\/uploads\/2022\/10\/Titelloses-345-1536x1086.jpg 1536w, https:\/\/heike-neumann.de\/wp-content\/uploads\/2022\/10\/Titelloses-345-1140x806.jpg 1140w, https:\/\/heike-neumann.de\/wp-content\/uploads\/2022\/10\/Titelloses-345.jpg 1754w\" sizes=\"auto, (max-width: 604px) 100vw, 604px\" \/><\/figure>\n\n\n\n<p class=\"has-x-large-font-size\"><\/p>\n\n\n\n<p><\/p>\n\n\n\n<p><\/p>\n\n\n\n<p>Alle Rechte sind und bleiben bei der Autorin Heike Neumann<\/p>\n","protected":false},"excerpt":{"rendered":"<p>Willkommen zu meinem T\u00fcrchen des Autoren-Adventskalenders 2022!www.autoren-adventskalender.de Fiona Fuchs liebte Weihnachten! Seit im Herbst der Wind die bunten Bl\u00e4tter von den B\u00e4umen wehte und es merklich k\u00e4lter wurde, begann in Fiona Fuchs die Weihnachtsfreude zu leuchten. Tief im Herzen begann es und dieses warme, sch\u00f6ne Gef\u00fchl erf\u00fcllte sie von innen heraus mehr und mehr mit gl\u00fccklicher Vorfreude. Sie liebte den Duft von selbstgebackenen Pl\u00e4tzchen, Kerzenlicht und erst recht die wunderbaren Weihnachtslieder! Aber auch die Gl\u00f6ckchen, die Engel und der ganze Weihnachtschmuck brachten sie schon beim Gedanken daran zum L\u00e4cheln. Endlich ging der dunkle November zu Ende und in der Woche vor dem ersten Advent war es dann endlich soweit: Die Weihnachtsvorbereitungen konnten beginnen!Schon fr\u00fch stand Fiona Fuchs auf, wusch sich das Gesicht und l\u00e4chelte ihr Spiegelbild an. Heute ging es endlich los! Fiona hatte sich schon \u00fcberlegt, wie sie dekorieren w\u00fcrde und wo sie was hinstellen oder hinh\u00e4ngen w\u00fcrde. \u201eDie Krippe kommt wieder auf die Fensterbank und die Strohsterne an die T\u00fcr\u201c \u2013 Aber wo waren denn nur die Weihnachtssachen hingekommen? Fiona \u00f6ffnete den Schrank neben der T\u00fcr. Dort bewahrte sie alles auf, was sie sehr selten brauchte. Die Kuchenform f\u00fcr Ostern, der Sonnenhut f\u00fcr die Sommertage am Strand, die gro\u00dfen Teller f\u00fcr die Gartenfeste \u2013 all das fand sie in den Kisten und K\u00f6rben im Schrank. Nur die Weihnachtssachen waren nicht dort. Fiona Fuchs legte die Stirn in Falten. Vielleicht waren die Weihnachtssachen ja im Regal unter der Treppe? Nein, leider nicht. Aber Fiona fand dort eine T\u00fcte mit Muscheln, die sie im Sommer gesammelt hatte. Das war ein toller Urlaub am Meer gewesen! Fiona erinnerte sich gut an das Meeresrauschen und an die warmen Sonnenstrahlen auf ihrem Fell. Dann waren die Weihnachtssachen wohl doch an einer anderen Stelle. Vielleicht unter dem Bett? Fiona legte sich auf den Boden, um nachzuschauen. Nein, keine Weihnachtssachen. Dort lag eine Kiste mit bunten Bl\u00e4ttern, die sie mit dem Dachs gesammelt hatte. Ein wunderbarer Herbsttag war es gewesen! Sie hatten Bl\u00e4tter und Kastanien gesammelt, \u00c4pfel gegessen und sich abends Geschichten vorgelesen. Was f\u00fcr eine sch\u00f6ne Erinnerung! Aber wo waren denn nur die Krippe, der Schmuck und die Ausstechf\u00f6rmchen, die Engel und Sterne? Fiona streckte sich so hoch, wie sie konnte und zog einen Karton vom obersten Regal. Leider waren auch darin keine Weihnachtssachen, sondern dort lag eine verzierte Kerze. Wundersch\u00f6ne Erinnerungen an ihre Geburtstagsfeier wurden wach. Alle ihre Freunde waren gekommen! Es war ein toller Tag mit Seifenblasen, Schokokuchen und Lagerfeuer gewesen. Fiona musste beim Gedanken daran l\u00e4cheln. Aber wo waren denn blo\u00df die Weihnachtssachen geblieben? Fiona \u00f6ffnete die T\u00fcr zur Speisekammer. Dort standen die Gl\u00e4ser mit Erdbeer- und Pfirsichmarmelade \u2013 Ein herrlicher Geschmack nach Sommer! In einer kleinen Kiste daneben standen die bunt bemalten Eier vom letzten Osterfest. Die hatte sie wohl falsch aufger\u00e4umt. Aber Fiona erinnerte sich gerne daran, wie wundersch\u00f6n die B\u00fcsche und B\u00e4ume vor ihrem Haus aussahen, als sie die Eier zu Ostern dort aufgeh\u00e4ngt hatte. Aber auch hier \u2013 keine Weihnachtssachen! Fiona Fuchs setzte sich ersch\u00f6pft auf den gem\u00fctlichen Sessel im Wohnzimmer. Um sie herum lagen viele Sachen verstreut, die sie so in ihrem H\u00e4uschen gefunden hatte. Die T\u00fcte mit Muscheln aus dem Urlaub, die bunten Herbstbl\u00e4tter, die Geburtstagskerze und die bemalten Ostereier \u2013 all das zauberte Fiona ein L\u00e4cheln auf ihr Fuchsgesicht. Was f\u00fcr wunderbare Erinnerungen an das vergangene Jahr. Aber eigentlich wollte sie doch f\u00fcr Weihnachten dekorieren! Wo waren denn nur die vielen Sachen zum Schm\u00fccken und Vorbereiten geblieben? Fiona beschloss, einen Spaziergang zu machen und ein wenig frische Luft zu schnappen. Vielleicht w\u00fcrde ihr dabei ja eine gute Idee kommen. Sie trat an die Garderobe um ihre Jacke vom Haken zu nehmen und blieb auf einmal \u00fcberrascht stehen. Unter der Jacke standen wie immer ihre Schuhe neben einer Kiste. Dort setzte sich Fiona immer drauf, um bequem ihre Schuhe anziehen zu k\u00f6nnen. Pl\u00f6tzlich blieb sie \u00fcberrascht stehen und machte gro\u00dfe Augen! Da waren ja die Weihnachtssachen! Genau nach dieser Kiste hatte sie nun die ganze Zeit gesucht! Das ganze Jahr \u00fcber standen sie hier und haben gewartet, dass es endlich Winter wurde! Voller Freude \u00f6ffnete Fiona nun den Deckel und sah hinein. Ein Strahlen huschte \u00fcber ihr Gesicht. Dort lagen die Pl\u00e4tzchenkochb\u00fccher, die Glitzerketten und bunten B\u00e4nder, die Weihnachtstischdecken und auch ihre Krippe, die Engel und Sterne und das Weihnachtspapier! All das hatte das ganze Jahr \u00fcber hier in der Kiste gelegen und auf diesen Moment gewartet. Fiona stand auf. Sie sah die Muscheln, die bunten Bl\u00e4tter, die Ostereier und freute sich an den Erinnerungen an das vergangene Jahr. Fiona \u00fcberlegte. In diesem Jahr w\u00fcrde sie die Weihnachtsdekoration zusammen mit den Erinnerungs-Gegenst\u00e4nden, die sie an die vielen fr\u00f6hlichen Momente denken lie\u00df, aufh\u00e4ngen und hinstellen. So w\u00fcrde ihr H\u00e4uschen wunderbar geschm\u00fcckt sein! Fiona hob einen Gegenstand nach dem anderen aus der Kiste heraus und begann zu dekorieren. Die Strohsterne kamen mit den bunten Bl\u00e4ttern an die T\u00fcr, die bunten Ostereier zusammen mit den Engeln an die Fenster und die Muscheln mit den Kerzen an das Adventsgesteck. Fiona erinnerte sich beim Schm\u00fccken und bei jedem Ansehen daran, was f\u00fcr wunderbare und gl\u00fcckliche Momente sie dieses Jahr erlebt hatte und war dankbar daf\u00fcr. Leise fingen die Weihnachtslieder an, in Fionas Herz zu klingen.Nun konnte Weihnachten kommen! Alle Rechte sind und bleiben bei der Autorin Heike Neumann<\/p>\n","protected":false},"author":1,"featured_media":0,"parent":25,"menu_order":5,"comment_status":"closed","ping_status":"closed","template":"","meta":{"footnotes":""},"class_list":["post-586","page","type-page","status-publish","hentry"],"_links":{"self":[{"href":"https:\/\/heike-neumann.de\/index.php\/wp-json\/wp\/v2\/pages\/586","targetHints":{"allow":["GET"]}}],"collection":[{"href":"https:\/\/heike-neumann.de\/index.php\/wp-json\/wp\/v2\/pages"}],"about":[{"href":"https:\/\/heike-neumann.de\/index.php\/wp-json\/wp\/v2\/types\/page"}],"author":[{"embeddable":true,"href":"https:\/\/heike-neumann.de\/index.php\/wp-json\/wp\/v2\/users\/1"}],"replies":[{"embeddable":true,"href":"https:\/\/heike-neumann.de\/index.php\/wp-json\/wp\/v2\/comments?post=586"}],"version-history":[{"count":6,"href":"https:\/\/heike-neumann.de\/index.php\/wp-json\/wp\/v2\/pages\/586\/revisions"}],"predecessor-version":[{"id":685,"href":"https:\/\/heike-neumann.de\/index.php\/wp-json\/wp\/v2\/pages\/586\/revisions\/685"}],"up":[{"embeddable":true,"href":"https:\/\/heike-neumann.de\/index.php\/wp-json\/wp\/v2\/pages\/25"}],"wp:attachment":[{"href":"https:\/\/heike-neumann.de\/index.php\/wp-json\/wp\/v2\/media?parent=586"}],"curies":[{"name":"wp","href":"https:\/\/api.w.org\/{rel}","templated":true}]}}